{"version":"1.0","provider_name":"Le Blog GERESO","provider_url":"https:\/\/www.gereso.com\/actualites","author_name":"\u00c9quipe GERESO","author_url":"https:\/\/www.gereso.com\/actualites\/author\/gereso\/","title":"Formations \u00e9ligibles au CPF : comment en b\u00e9n\u00e9ficier ? - Le Blog GERESO","type":"rich","width":600,"height":338,"html":"<blockquote class=\"wp-embedded-content\" data-secret=\"MMMo3Z0B8j\"><a href=\"https:\/\/www.gereso.com\/actualites\/2016\/01\/21\/formations-eligibles-au-cpf-comment-en-beneficier\/\">Formations \u00e9ligibles au CPF : comment en b\u00e9n\u00e9ficier ?<\/a><\/blockquote><iframe sandbox=\"allow-scripts\" security=\"restricted\" src=\"https:\/\/www.gereso.com\/actualites\/2016\/01\/21\/formations-eligibles-au-cpf-comment-en-beneficier\/embed\/#?secret=MMMo3Z0B8j\" width=\"600\" height=\"338\" title=\"\u00ab\u00a0Formations \u00e9ligibles au CPF : comment en b\u00e9n\u00e9ficier ?\u00a0\u00bb &#8212; Le Blog GERESO\" data-secret=\"MMMo3Z0B8j\" frameborder=\"0\" marginwidth=\"0\" marginheight=\"0\" scrolling=\"no\" class=\"wp-embedded-content\"><\/iframe><script type=\"text\/javascript\">\n\/* <![CDATA[ *\/\n\/*! This file is auto-generated *\/\n!function(d,l){\"use strict\";l.querySelector&&d.addEventListener&&\"undefined\"!=typeof URL&&(d.wp=d.wp||{},d.wp.receiveEmbedMessage||(d.wp.receiveEmbedMessage=function(e){var t=e.data;if((t||t.secret||t.message||t.value)&&!\/[^a-zA-Z0-9]\/.test(t.secret)){for(var s,r,n,a=l.querySelectorAll('iframe[data-secret=\"'+t.secret+'\"]'),o=l.querySelectorAll('blockquote[data-secret=\"'+t.secret+'\"]'),c=new RegExp(\"^https?:$\",\"i\"),i=0;i<o.length;i++)o[i].style.display=\"none\";for(i=0;i<a.length;i++)s=a[i],e.source===s.contentWindow&&(s.removeAttribute(\"style\"),\"height\"===t.message?(1e3<(r=parseInt(t.value,10))?r=1e3:~~r<200&&(r=200),s.height=r):\"link\"===t.message&&(r=new URL(s.getAttribute(\"src\")),n=new URL(t.value),c.test(n.protocol))&&n.host===r.host&&l.activeElement===s&&(d.top.location.href=t.value))}},d.addEventListener(\"message\",d.wp.receiveEmbedMessage,!1),l.addEventListener(\"DOMContentLoaded\",function(){for(var e,t,s=l.querySelectorAll(\"iframe.wp-embedded-content\"),r=0;r<s.length;r++)(t=(e=s[r]).getAttribute(\"data-secret\"))||(t=Math.random().toString(36).substring(2,12),e.src+=\"#?secret=\"+t,e.setAttribute(\"data-secret\",t)),e.contentWindow.postMessage({message:\"ready\",secret:t},\"*\")},!1)))}(window,document);\n\/\/# sourceURL=https:\/\/www.gereso.com\/actualites\/wp-includes\/js\/wp-embed.min.js\n\/* ]]> *\/\n<\/script>\n","thumbnail_url":"https:\/\/www.gereso.com\/actualites\/wp-content\/uploads\/2016\/01\/formations-eligibles-au-CPF.jpg","thumbnail_width":548,"thumbnail_height":368,"description":"Le dispositif est ouvert \u00e0 tous les salari\u00e9s poss\u00e9dant un contrat de travail de droit fran\u00e7ais (y compris les salari\u00e9s de nationalit\u00e9 \u00e9trang\u00e8re), \u00e2g\u00e9s de 16 ans et plus (15 ans pour les jeunes titulaires d&rsquo;un contrat d&rsquo;apprentissage). Un an apr\u00e8s son entr\u00e9e en vigueur, faisons le point sur les formations \u00e9ligibles au CPF et [&hellip;]"}