{"version":"1.0","provider_name":"Le Blog GERESO","provider_url":"https:\/\/www.gereso.com\/actualites","author_name":"\u00c9quipe GERESO","author_url":"https:\/\/www.gereso.com\/actualites\/author\/gereso\/","title":"Lu pour vous : \"R\u00e9veiller sa cr\u00e9ativit\u00e9 !\" de Louise C\u00f4t\u00e9 - Le Blog GERESO","type":"rich","width":600,"height":338,"html":"<blockquote class=\"wp-embedded-content\" data-secret=\"agATF8M4Wv\"><a href=\"https:\/\/www.gereso.com\/actualites\/2016\/05\/19\/reveiller-sa-creativite\/\">Lu pour vous : \u00ab\u00a0R\u00e9veiller sa cr\u00e9ativit\u00e9 !\u00a0\u00bb de Louise C\u00f4t\u00e9<\/a><\/blockquote><iframe sandbox=\"allow-scripts\" security=\"restricted\" src=\"https:\/\/www.gereso.com\/actualites\/2016\/05\/19\/reveiller-sa-creativite\/embed\/#?secret=agATF8M4Wv\" width=\"600\" height=\"338\" title=\"\u00ab\u00a0Lu pour vous : \u00ab\u00a0R\u00e9veiller sa cr\u00e9ativit\u00e9 !\u00a0\u00bb de Louise C\u00f4t\u00e9\u00a0\u00bb &#8212; Le Blog GERESO\" data-secret=\"agATF8M4Wv\" frameborder=\"0\" marginwidth=\"0\" marginheight=\"0\" scrolling=\"no\" class=\"wp-embedded-content\"><\/iframe><script type=\"text\/javascript\">\n\/* <![CDATA[ *\/\n\/*! This file is auto-generated *\/\n!function(d,l){\"use strict\";l.querySelector&&d.addEventListener&&\"undefined\"!=typeof URL&&(d.wp=d.wp||{},d.wp.receiveEmbedMessage||(d.wp.receiveEmbedMessage=function(e){var t=e.data;if((t||t.secret||t.message||t.value)&&!\/[^a-zA-Z0-9]\/.test(t.secret)){for(var s,r,n,a=l.querySelectorAll('iframe[data-secret=\"'+t.secret+'\"]'),o=l.querySelectorAll('blockquote[data-secret=\"'+t.secret+'\"]'),c=new RegExp(\"^https?:$\",\"i\"),i=0;i<o.length;i++)o[i].style.display=\"none\";for(i=0;i<a.length;i++)s=a[i],e.source===s.contentWindow&&(s.removeAttribute(\"style\"),\"height\"===t.message?(1e3<(r=parseInt(t.value,10))?r=1e3:~~r<200&&(r=200),s.height=r):\"link\"===t.message&&(r=new URL(s.getAttribute(\"src\")),n=new URL(t.value),c.test(n.protocol))&&n.host===r.host&&l.activeElement===s&&(d.top.location.href=t.value))}},d.addEventListener(\"message\",d.wp.receiveEmbedMessage,!1),l.addEventListener(\"DOMContentLoaded\",function(){for(var e,t,s=l.querySelectorAll(\"iframe.wp-embedded-content\"),r=0;r<s.length;r++)(t=(e=s[r]).getAttribute(\"data-secret\"))||(t=Math.random().toString(36).substring(2,12),e.src+=\"#?secret=\"+t,e.setAttribute(\"data-secret\",t)),e.contentWindow.postMessage({message:\"ready\",secret:t},\"*\")},!1)))}(window,document);\n\/\/# sourceURL=https:\/\/www.gereso.com\/actualites\/wp-includes\/js\/wp-embed.min.js\n\/* ]]> *\/\n<\/script>\n","description":"De quoi parle cet ouvrage\u00a0? Le livre \u00ab\u00a0R\u00e9veiller sa cr\u00e9ativit\u00e9\u00a0!\u00a0\u00bb montrera \u00e0 chacun de nous comme \u00eatre plus cr\u00e9atif et quel est l\u2019impact de la cr\u00e9ativit\u00e9 dans notre quotidien. En effet, l\u2019auteure y explique de mani\u00e8re particuli\u00e8rement claire que d\u00e9velopper son sens de la cr\u00e9ativit\u00e9 peut aider significativement les processus de recherche de solutions \u00e0 [&hellip;]","thumbnail_url":"https:\/\/www.gereso.com\/actualites\/wp-content\/uploads\/2016\/03\/couverture_reveiller_sa_creativite_louise_cote.jpg"}