{"version":"1.0","provider_name":"Le Blog GERESO","provider_url":"https:\/\/www.gereso.com\/actualites","author_name":"\u00c9quipe GERESO","author_url":"https:\/\/www.gereso.com\/actualites\/author\/gereso\/","title":"Sant\u00e9 au travail : les recommandations qu\u00e9becquoises mises en pratique par le groupe AFNOR - Le Blog GERESO","type":"rich","width":600,"height":338,"html":"<blockquote class=\"wp-embedded-content\" data-secret=\"l7GfNYih5c\"><a href=\"https:\/\/www.gereso.com\/actualites\/2016\/05\/25\/sante-au-travail-quebec-afnor\/\">Sant\u00e9 au travail : les recommandations qu\u00e9becquoises mises en pratique par le groupe AFNOR<\/a><\/blockquote><iframe sandbox=\"allow-scripts\" security=\"restricted\" src=\"https:\/\/www.gereso.com\/actualites\/2016\/05\/25\/sante-au-travail-quebec-afnor\/embed\/#?secret=l7GfNYih5c\" width=\"600\" height=\"338\" title=\"\u00ab\u00a0Sant\u00e9 au travail : les recommandations qu\u00e9becquoises mises en pratique par le groupe AFNOR\u00a0\u00bb &#8212; Le Blog GERESO\" data-secret=\"l7GfNYih5c\" frameborder=\"0\" marginwidth=\"0\" marginheight=\"0\" scrolling=\"no\" class=\"wp-embedded-content\"><\/iframe><script type=\"text\/javascript\">\n\/* <![CDATA[ *\/\n\/*! This file is auto-generated *\/\n!function(d,l){\"use strict\";l.querySelector&&d.addEventListener&&\"undefined\"!=typeof URL&&(d.wp=d.wp||{},d.wp.receiveEmbedMessage||(d.wp.receiveEmbedMessage=function(e){var t=e.data;if((t||t.secret||t.message||t.value)&&!\/[^a-zA-Z0-9]\/.test(t.secret)){for(var s,r,n,a=l.querySelectorAll('iframe[data-secret=\"'+t.secret+'\"]'),o=l.querySelectorAll('blockquote[data-secret=\"'+t.secret+'\"]'),c=new RegExp(\"^https?:$\",\"i\"),i=0;i<o.length;i++)o[i].style.display=\"none\";for(i=0;i<a.length;i++)s=a[i],e.source===s.contentWindow&&(s.removeAttribute(\"style\"),\"height\"===t.message?(1e3<(r=parseInt(t.value,10))?r=1e3:~~r<200&&(r=200),s.height=r):\"link\"===t.message&&(r=new URL(s.getAttribute(\"src\")),n=new URL(t.value),c.test(n.protocol))&&n.host===r.host&&l.activeElement===s&&(d.top.location.href=t.value))}},d.addEventListener(\"message\",d.wp.receiveEmbedMessage,!1),l.addEventListener(\"DOMContentLoaded\",function(){for(var e,t,s=l.querySelectorAll(\"iframe.wp-embedded-content\"),r=0;r<s.length;r++)(t=(e=s[r]).getAttribute(\"data-secret\"))||(t=Math.random().toString(36).substring(2,12),e.src+=\"#?secret=\"+t,e.setAttribute(\"data-secret\",t)),e.contentWindow.postMessage({message:\"ready\",secret:t},\"*\")},!1)))}(window,document);\n\/\/# sourceURL=https:\/\/www.gereso.com\/actualites\/wp-includes\/js\/wp-embed.min.js\n\/* ]]> *\/\n<\/script>\n","description":"Laurence Breton-Kueny, Pr\u00e9sidente de l\u2019ANDRH, DRH du groupe AFNOR et co-auteur du livre-guide \u00ab\u00a0Hygi\u00e8ne de vie et bien-\u00eatre au travail\u00a0&#8211; 100 questions pour comprendre et agir \u00bb, publi\u00e9 le 16 mars 2016 aux \u00e9ditions AFNOR, nous livre ses retours d\u2019exp\u00e9riences en rapport avec l\u2019exp\u00e9rimentation du mod\u00e8le qu\u00e9b\u00e9cquois dans son entreprise depuis 6 ans en mati\u00e8re [&hellip;]"}