{"version":"1.0","provider_name":"Le Blog GERESO","provider_url":"https:\/\/www.gereso.com\/actualites","author_name":"\u00c9quipe GERESO","author_url":"https:\/\/www.gereso.com\/actualites\/author\/gereso\/","title":"Le management de la pr\u00e9vention, pour minimiser les risques en sant\u00e9 et s\u00e9curit\u00e9 au travail - Le Blog GERESO","type":"rich","width":600,"height":338,"html":"<blockquote class=\"wp-embedded-content\" data-secret=\"OJGv78TXKe\"><a href=\"https:\/\/www.gereso.com\/actualites\/2016\/05\/26\/management-de-la-prevention\/\">Le management de la pr\u00e9vention, pour minimiser les risques en sant\u00e9 et s\u00e9curit\u00e9 au travail<\/a><\/blockquote><iframe sandbox=\"allow-scripts\" security=\"restricted\" src=\"https:\/\/www.gereso.com\/actualites\/2016\/05\/26\/management-de-la-prevention\/embed\/#?secret=OJGv78TXKe\" width=\"600\" height=\"338\" title=\"\u00ab\u00a0Le management de la pr\u00e9vention, pour minimiser les risques en sant\u00e9 et s\u00e9curit\u00e9 au travail\u00a0\u00bb &#8212; Le Blog GERESO\" data-secret=\"OJGv78TXKe\" frameborder=\"0\" marginwidth=\"0\" marginheight=\"0\" scrolling=\"no\" class=\"wp-embedded-content\"><\/iframe><script type=\"text\/javascript\">\n\/* <![CDATA[ *\/\n\/*! This file is auto-generated *\/\n!function(d,l){\"use strict\";l.querySelector&&d.addEventListener&&\"undefined\"!=typeof URL&&(d.wp=d.wp||{},d.wp.receiveEmbedMessage||(d.wp.receiveEmbedMessage=function(e){var t=e.data;if((t||t.secret||t.message||t.value)&&!\/[^a-zA-Z0-9]\/.test(t.secret)){for(var s,r,n,a=l.querySelectorAll('iframe[data-secret=\"'+t.secret+'\"]'),o=l.querySelectorAll('blockquote[data-secret=\"'+t.secret+'\"]'),c=new RegExp(\"^https?:$\",\"i\"),i=0;i<o.length;i++)o[i].style.display=\"none\";for(i=0;i<a.length;i++)s=a[i],e.source===s.contentWindow&&(s.removeAttribute(\"style\"),\"height\"===t.message?(1e3<(r=parseInt(t.value,10))?r=1e3:~~r<200&&(r=200),s.height=r):\"link\"===t.message&&(r=new URL(s.getAttribute(\"src\")),n=new URL(t.value),c.test(n.protocol))&&n.host===r.host&&l.activeElement===s&&(d.top.location.href=t.value))}},d.addEventListener(\"message\",d.wp.receiveEmbedMessage,!1),l.addEventListener(\"DOMContentLoaded\",function(){for(var e,t,s=l.querySelectorAll(\"iframe.wp-embedded-content\"),r=0;r<s.length;r++)(t=(e=s[r]).getAttribute(\"data-secret\"))||(t=Math.random().toString(36).substring(2,12),e.src+=\"#?secret=\"+t,e.setAttribute(\"data-secret\",t)),e.contentWindow.postMessage({message:\"ready\",secret:t},\"*\")},!1)))}(window,document);\n\/\/# sourceURL=https:\/\/www.gereso.com\/actualites\/wp-includes\/js\/wp-embed.min.js\n\/* ]]> *\/\n<\/script>\n","thumbnail_url":"https:\/\/www.gereso.com\/actualites\/wp-content\/uploads\/2014\/11\/absenteisme-au-travail-1.jpg","thumbnail_width":530,"thumbnail_height":354,"description":"Bien que les syst\u00e8mes de gestion de la sant\u00e9 et de la s\u00e9curit\u00e9 au travail font partie int\u00e9grante des structures organisationnelles de base des entreprises, avoir des syst\u00e8mes qui pr\u00e9disent quoi faire en cas de probl\u00e8me ne suffit plus dans le contexte actuel. En effet, pour une meilleure protection des salari\u00e9s et \u00e0 la vue [&hellip;]"}