{"version":"1.0","provider_name":"Le Blog GERESO","provider_url":"https:\/\/www.gereso.com\/actualites","author_name":"\u00c9quipe GERESO","author_url":"https:\/\/www.gereso.com\/actualites\/author\/gereso\/","title":"Mobilit\u00e9 g\u00e9ographique : une chance pour les demandeurs d'emploi ? - Le Blog GERESO","type":"rich","width":600,"height":338,"html":"<blockquote class=\"wp-embedded-content\" data-secret=\"yOb7MKuWjD\"><a href=\"https:\/\/www.gereso.com\/actualites\/2016\/05\/30\/mobilite-geographique-emploi\/\">Mobilit\u00e9 g\u00e9ographique : une chance pour les demandeurs d&#8217;emploi ?<\/a><\/blockquote><iframe sandbox=\"allow-scripts\" security=\"restricted\" src=\"https:\/\/www.gereso.com\/actualites\/2016\/05\/30\/mobilite-geographique-emploi\/embed\/#?secret=yOb7MKuWjD\" width=\"600\" height=\"338\" title=\"\u00ab\u00a0Mobilit\u00e9 g\u00e9ographique : une chance pour les demandeurs d&#8217;emploi ?\u00a0\u00bb &#8212; Le Blog GERESO\" data-secret=\"yOb7MKuWjD\" frameborder=\"0\" marginwidth=\"0\" marginheight=\"0\" scrolling=\"no\" class=\"wp-embedded-content\"><\/iframe><script type=\"text\/javascript\">\n\/* <![CDATA[ *\/\n\/*! This file is auto-generated *\/\n!function(d,l){\"use strict\";l.querySelector&&d.addEventListener&&\"undefined\"!=typeof URL&&(d.wp=d.wp||{},d.wp.receiveEmbedMessage||(d.wp.receiveEmbedMessage=function(e){var t=e.data;if((t||t.secret||t.message||t.value)&&!\/[^a-zA-Z0-9]\/.test(t.secret)){for(var s,r,n,a=l.querySelectorAll('iframe[data-secret=\"'+t.secret+'\"]'),o=l.querySelectorAll('blockquote[data-secret=\"'+t.secret+'\"]'),c=new RegExp(\"^https?:$\",\"i\"),i=0;i<o.length;i++)o[i].style.display=\"none\";for(i=0;i<a.length;i++)s=a[i],e.source===s.contentWindow&&(s.removeAttribute(\"style\"),\"height\"===t.message?(1e3<(r=parseInt(t.value,10))?r=1e3:~~r<200&&(r=200),s.height=r):\"link\"===t.message&&(r=new URL(s.getAttribute(\"src\")),n=new URL(t.value),c.test(n.protocol))&&n.host===r.host&&l.activeElement===s&&(d.top.location.href=t.value))}},d.addEventListener(\"message\",d.wp.receiveEmbedMessage,!1),l.addEventListener(\"DOMContentLoaded\",function(){for(var e,t,s=l.querySelectorAll(\"iframe.wp-embedded-content\"),r=0;r<s.length;r++)(t=(e=s[r]).getAttribute(\"data-secret\"))||(t=Math.random().toString(36).substring(2,12),e.src+=\"#?secret=\"+t,e.setAttribute(\"data-secret\",t)),e.contentWindow.postMessage({message:\"ready\",secret:t},\"*\")},!1)))}(window,document);\n\/\/# sourceURL=https:\/\/www.gereso.com\/actualites\/wp-includes\/js\/wp-embed.min.js\n\/* ]]> *\/\n<\/script>\n","description":"Les personnes en recherche d\u2019emploi se tournent souvent vers le d\u00e9m\u00e9nagement pour essayer de tenter leur chance dans d\u2019autres d\u00e9partements. Mais cette strat\u00e9gie est-elle payante\u00a0? Une \u00e9tude sur la relation entre mobilit\u00e9 g\u00e9ographique et emploi men\u00e9e par le Centre d\u2019\u00c9tudes de l\u2019Emploi (CEE) apporte des \u00e9l\u00e9ments de r\u00e9ponse \u00e0 cette question. D\u00e9nomm\u00e9e \u00ab\u00a0La mobilit\u00e9 g\u00e9ographique [&hellip;]"}