{"version":"1.0","provider_name":"Le Blog GERESO","provider_url":"https:\/\/www.gereso.com\/actualites","author_name":"\u00c9quipe GERESO","author_url":"https:\/\/www.gereso.com\/actualites\/author\/gereso\/","title":"T\u00e9l\u00e9travail : 64% des salari\u00e9s fran\u00e7ais y sont favorables - Le Blog GERESO","type":"rich","width":600,"height":338,"html":"<blockquote class=\"wp-embedded-content\" data-secret=\"FOFcBn1ZV2\"><a href=\"https:\/\/www.gereso.com\/actualites\/2016\/08\/30\/teletravail-sondage\/\">T\u00e9l\u00e9travail : 64% des salari\u00e9s fran\u00e7ais y sont favorables<\/a><\/blockquote><iframe sandbox=\"allow-scripts\" security=\"restricted\" src=\"https:\/\/www.gereso.com\/actualites\/2016\/08\/30\/teletravail-sondage\/embed\/#?secret=FOFcBn1ZV2\" width=\"600\" height=\"338\" title=\"\u00ab\u00a0T\u00e9l\u00e9travail : 64% des salari\u00e9s fran\u00e7ais y sont favorables\u00a0\u00bb &#8212; Le Blog GERESO\" data-secret=\"FOFcBn1ZV2\" frameborder=\"0\" marginwidth=\"0\" marginheight=\"0\" scrolling=\"no\" class=\"wp-embedded-content\"><\/iframe><script type=\"text\/javascript\">\n\/* <![CDATA[ *\/\n\/*! This file is auto-generated *\/\n!function(d,l){\"use strict\";l.querySelector&&d.addEventListener&&\"undefined\"!=typeof URL&&(d.wp=d.wp||{},d.wp.receiveEmbedMessage||(d.wp.receiveEmbedMessage=function(e){var t=e.data;if((t||t.secret||t.message||t.value)&&!\/[^a-zA-Z0-9]\/.test(t.secret)){for(var s,r,n,a=l.querySelectorAll('iframe[data-secret=\"'+t.secret+'\"]'),o=l.querySelectorAll('blockquote[data-secret=\"'+t.secret+'\"]'),c=new RegExp(\"^https?:$\",\"i\"),i=0;i<o.length;i++)o[i].style.display=\"none\";for(i=0;i<a.length;i++)s=a[i],e.source===s.contentWindow&&(s.removeAttribute(\"style\"),\"height\"===t.message?(1e3<(r=parseInt(t.value,10))?r=1e3:~~r<200&&(r=200),s.height=r):\"link\"===t.message&&(r=new URL(s.getAttribute(\"src\")),n=new URL(t.value),c.test(n.protocol))&&n.host===r.host&&l.activeElement===s&&(d.top.location.href=t.value))}},d.addEventListener(\"message\",d.wp.receiveEmbedMessage,!1),l.addEventListener(\"DOMContentLoaded\",function(){for(var e,t,s=l.querySelectorAll(\"iframe.wp-embedded-content\"),r=0;r<s.length;r++)(t=(e=s[r]).getAttribute(\"data-secret\"))||(t=Math.random().toString(36).substring(2,12),e.src+=\"#?secret=\"+t,e.setAttribute(\"data-secret\",t)),e.contentWindow.postMessage({message:\"ready\",secret:t},\"*\")},!1)))}(window,document);\n\/\/# sourceURL=https:\/\/www.gereso.com\/actualites\/wp-includes\/js\/wp-embed.min.js\n\/* ]]> *\/\n<\/script>\n","description":"Selon l&rsquo;\u00e9tude Randstad Awards, dont les r\u00e9sultats ont \u00e9t\u00e9 publi\u00e9s le 21 juillet 2016, pr\u00e8s de deux salari\u00e9s fran\u00e7ais sur trois sont favorables au t\u00e9l\u00e9travail, une nouvelle organisation du travail permet aux salari\u00e9s de travailler en dehors des locaux de l&rsquo;entreprise. Au cours de l&rsquo;\u00e9tude, qui s&rsquo;est d\u00e9roul\u00e9e entre octobre et d\u00e9cembre 2015, un \u00e9chantillon [&hellip;]"}