{"version":"1.0","provider_name":"Le Blog GERESO","provider_url":"https:\/\/www.gereso.com\/actualites","author_name":"\u00c9quipe GERESO","author_url":"https:\/\/www.gereso.com\/actualites\/author\/gereso\/","title":"Les employeurs incit\u00e9s \u00e0 d\u00e9velopper l'utilisation du v\u00e9lo par leurs salari\u00e9s \u00e0 travers une r\u00e9duction d'IS - Le Blog GERESO","type":"rich","width":600,"height":338,"html":"<blockquote class=\"wp-embedded-content\" data-secret=\"49DsqOMzMr\"><a href=\"https:\/\/www.gereso.com\/actualites\/2016\/09\/16\/incitation-utilisation-velo\/\">Les employeurs incit\u00e9s \u00e0 d\u00e9velopper l&rsquo;utilisation du v\u00e9lo par leurs salari\u00e9s \u00e0 travers une r\u00e9duction d&rsquo;IS<\/a><\/blockquote><iframe sandbox=\"allow-scripts\" security=\"restricted\" src=\"https:\/\/www.gereso.com\/actualites\/2016\/09\/16\/incitation-utilisation-velo\/embed\/#?secret=49DsqOMzMr\" width=\"600\" height=\"338\" title=\"\u00ab\u00a0Les employeurs incit\u00e9s \u00e0 d\u00e9velopper l&rsquo;utilisation du v\u00e9lo par leurs salari\u00e9s \u00e0 travers une r\u00e9duction d&rsquo;IS\u00a0\u00bb &#8212; Le Blog GERESO\" data-secret=\"49DsqOMzMr\" frameborder=\"0\" marginwidth=\"0\" marginheight=\"0\" scrolling=\"no\" class=\"wp-embedded-content\"><\/iframe><script type=\"text\/javascript\">\n\/* <![CDATA[ *\/\n\/*! This file is auto-generated *\/\n!function(d,l){\"use strict\";l.querySelector&&d.addEventListener&&\"undefined\"!=typeof URL&&(d.wp=d.wp||{},d.wp.receiveEmbedMessage||(d.wp.receiveEmbedMessage=function(e){var t=e.data;if((t||t.secret||t.message||t.value)&&!\/[^a-zA-Z0-9]\/.test(t.secret)){for(var s,r,n,a=l.querySelectorAll('iframe[data-secret=\"'+t.secret+'\"]'),o=l.querySelectorAll('blockquote[data-secret=\"'+t.secret+'\"]'),c=new RegExp(\"^https?:$\",\"i\"),i=0;i<o.length;i++)o[i].style.display=\"none\";for(i=0;i<a.length;i++)s=a[i],e.source===s.contentWindow&&(s.removeAttribute(\"style\"),\"height\"===t.message?(1e3<(r=parseInt(t.value,10))?r=1e3:~~r<200&&(r=200),s.height=r):\"link\"===t.message&&(r=new URL(s.getAttribute(\"src\")),n=new URL(t.value),c.test(n.protocol))&&n.host===r.host&&l.activeElement===s&&(d.top.location.href=t.value))}},d.addEventListener(\"message\",d.wp.receiveEmbedMessage,!1),l.addEventListener(\"DOMContentLoaded\",function(){for(var e,t,s=l.querySelectorAll(\"iframe.wp-embedded-content\"),r=0;r<s.length;r++)(t=(e=s[r]).getAttribute(\"data-secret\"))||(t=Math.random().toString(36).substring(2,12),e.src+=\"#?secret=\"+t,e.setAttribute(\"data-secret\",t)),e.contentWindow.postMessage({message:\"ready\",secret:t},\"*\")},!1)))}(window,document);\n\/\/# sourceURL=https:\/\/www.gereso.com\/actualites\/wp-includes\/js\/wp-embed.min.js\n\/* ]]> *\/\n<\/script>\n","description":"Dans le cadre des d\u00e9placements quotidiens de leurs salari\u00e9s pour se rendre au travail, les entreprises soumises \u00e0 l&rsquo;IS\u00a0 qui mettent, de fa\u00e7on facultative, des v\u00e9los \u00e0 disposition des int\u00e9ress\u00e9s, peuvent acc\u00e9der \u00e0 une r\u00e9duction du montant de leurs IS \u00e0 hauteur des frais d\u00e9bours\u00e9s pour cette mise \u00e0 disposition gratuite, plafonn\u00e9 \u00e0 25% des [&hellip;]"}