{"version":"1.0","provider_name":"Le Blog GERESO","provider_url":"https:\/\/www.gereso.com\/actualites","author_name":"Damien P\u00e9an","author_url":"https:\/\/www.gereso.com\/actualites\/author\/d-pean\/","title":"Airbnb, Drivy etc. : le r\u00e9gime fiscal et social pr\u00e9cis\u00e9 - Le Blog GERESO","type":"rich","width":600,"height":338,"html":"<blockquote class=\"wp-embedded-content\" data-secret=\"PicPl9DKMS\"><a href=\"https:\/\/www.gereso.com\/actualites\/2016\/10\/28\/airbnb-regime-fiscal-et-social\/\">Airbnb, Drivy etc. : le r\u00e9gime fiscal et social pr\u00e9cis\u00e9<\/a><\/blockquote><iframe sandbox=\"allow-scripts\" security=\"restricted\" src=\"https:\/\/www.gereso.com\/actualites\/2016\/10\/28\/airbnb-regime-fiscal-et-social\/embed\/#?secret=PicPl9DKMS\" width=\"600\" height=\"338\" title=\"\u00ab\u00a0Airbnb, Drivy etc. : le r\u00e9gime fiscal et social pr\u00e9cis\u00e9\u00a0\u00bb &#8212; Le Blog GERESO\" data-secret=\"PicPl9DKMS\" frameborder=\"0\" marginwidth=\"0\" marginheight=\"0\" scrolling=\"no\" class=\"wp-embedded-content\"><\/iframe><script type=\"text\/javascript\">\n\/* <![CDATA[ *\/\n\/*! This file is auto-generated *\/\n!function(d,l){\"use strict\";l.querySelector&&d.addEventListener&&\"undefined\"!=typeof URL&&(d.wp=d.wp||{},d.wp.receiveEmbedMessage||(d.wp.receiveEmbedMessage=function(e){var t=e.data;if((t||t.secret||t.message||t.value)&&!\/[^a-zA-Z0-9]\/.test(t.secret)){for(var s,r,n,a=l.querySelectorAll('iframe[data-secret=\"'+t.secret+'\"]'),o=l.querySelectorAll('blockquote[data-secret=\"'+t.secret+'\"]'),c=new RegExp(\"^https?:$\",\"i\"),i=0;i<o.length;i++)o[i].style.display=\"none\";for(i=0;i<a.length;i++)s=a[i],e.source===s.contentWindow&&(s.removeAttribute(\"style\"),\"height\"===t.message?(1e3<(r=parseInt(t.value,10))?r=1e3:~~r<200&&(r=200),s.height=r):\"link\"===t.message&&(r=new URL(s.getAttribute(\"src\")),n=new URL(t.value),c.test(n.protocol))&&n.host===r.host&&l.activeElement===s&&(d.top.location.href=t.value))}},d.addEventListener(\"message\",d.wp.receiveEmbedMessage,!1),l.addEventListener(\"DOMContentLoaded\",function(){for(var e,t,s=l.querySelectorAll(\"iframe.wp-embedded-content\"),r=0;r<s.length;r++)(t=(e=s[r]).getAttribute(\"data-secret\"))||(t=Math.random().toString(36).substring(2,12),e.src+=\"#?secret=\"+t,e.setAttribute(\"data-secret\",t)),e.contentWindow.postMessage({message:\"ready\",secret:t},\"*\")},!1)))}(window,document);\n\/\/# sourceURL=https:\/\/www.gereso.com\/actualites\/wp-includes\/js\/wp-embed.min.js\n\/* ]]> *\/\n<\/script>\n","description":"Ce jeudi 27 octobre, les d\u00e9put\u00e9s pr\u00e9sents \u00e0 l&rsquo;Assembl\u00e9e nationale ont v\u00e9cu une journ\u00e9e pleine de rebondissements \u00e0 l&rsquo;occasion de l&rsquo;examen en 1\u00e8re lecture du projet de loi de financement de la s\u00e9curit\u00e9 sociale pour 2017 (PLFSS 2017). D\u00e9j\u00e0 le mercredi soir, jusqu&rsquo;\u00e0 tard dans la nuit, les discussions \u00e9taient tr\u00e8s anim\u00e9es au sujet du [&hellip;]"}