{"version":"1.0","provider_name":"Le Blog GERESO","provider_url":"https:\/\/www.gereso.com\/actualites","author_name":"\u00c9quipe GERESO","author_url":"https:\/\/www.gereso.com\/actualites\/author\/gereso\/","title":"Lu pour vous : \u00ab La retraite des salari\u00e9s du secteur priv\u00e9 \u00bb de Christiane Massot-Cazaux - Le Blog GERESO","type":"rich","width":600,"height":338,"html":"<blockquote class=\"wp-embedded-content\" data-secret=\"Wan7D2H5UE\"><a href=\"https:\/\/www.gereso.com\/actualites\/2016\/12\/09\/la-retraite-des-salaries-du-secteur-prive\/\">Lu pour vous : \u00ab La retraite des salari\u00e9s du secteur priv\u00e9 \u00bb de Christiane Massot-Cazaux<\/a><\/blockquote><iframe sandbox=\"allow-scripts\" security=\"restricted\" src=\"https:\/\/www.gereso.com\/actualites\/2016\/12\/09\/la-retraite-des-salaries-du-secteur-prive\/embed\/#?secret=Wan7D2H5UE\" width=\"600\" height=\"338\" title=\"\u00ab\u00a0Lu pour vous : \u00ab La retraite des salari\u00e9s du secteur priv\u00e9 \u00bb de Christiane Massot-Cazaux\u00a0\u00bb &#8212; Le Blog GERESO\" data-secret=\"Wan7D2H5UE\" frameborder=\"0\" marginwidth=\"0\" marginheight=\"0\" scrolling=\"no\" class=\"wp-embedded-content\"><\/iframe><script type=\"text\/javascript\">\n\/* <![CDATA[ *\/\n\/*! This file is auto-generated *\/\n!function(d,l){\"use strict\";l.querySelector&&d.addEventListener&&\"undefined\"!=typeof URL&&(d.wp=d.wp||{},d.wp.receiveEmbedMessage||(d.wp.receiveEmbedMessage=function(e){var t=e.data;if((t||t.secret||t.message||t.value)&&!\/[^a-zA-Z0-9]\/.test(t.secret)){for(var s,r,n,a=l.querySelectorAll('iframe[data-secret=\"'+t.secret+'\"]'),o=l.querySelectorAll('blockquote[data-secret=\"'+t.secret+'\"]'),c=new RegExp(\"^https?:$\",\"i\"),i=0;i<o.length;i++)o[i].style.display=\"none\";for(i=0;i<a.length;i++)s=a[i],e.source===s.contentWindow&&(s.removeAttribute(\"style\"),\"height\"===t.message?(1e3<(r=parseInt(t.value,10))?r=1e3:~~r<200&&(r=200),s.height=r):\"link\"===t.message&&(r=new URL(s.getAttribute(\"src\")),n=new URL(t.value),c.test(n.protocol))&&n.host===r.host&&l.activeElement===s&&(d.top.location.href=t.value))}},d.addEventListener(\"message\",d.wp.receiveEmbedMessage,!1),l.addEventListener(\"DOMContentLoaded\",function(){for(var e,t,s=l.querySelectorAll(\"iframe.wp-embedded-content\"),r=0;r<s.length;r++)(t=(e=s[r]).getAttribute(\"data-secret\"))||(t=Math.random().toString(36).substring(2,12),e.src+=\"#?secret=\"+t,e.setAttribute(\"data-secret\",t)),e.contentWindow.postMessage({message:\"ready\",secret:t},\"*\")},!1)))}(window,document);\n\/\/# sourceURL=https:\/\/www.gereso.com\/actualites\/wp-includes\/js\/wp-embed.min.js\n\/* ]]> *\/\n<\/script>\n","thumbnail_url":"https:\/\/www.gereso.com\/actualites\/wp-content\/uploads\/2016\/12\/prime-page-retraite-salari\u00e9s-priv\u00e9s.jpg","thumbnail_width":443,"thumbnail_height":700,"description":"De quoi parle cet ouvrage ? Le livre \u00ab\u00a0La retraite des salari\u00e9s du secteur priv\u00e9\u00a0\u00bb d\u00e9crit le fonctionnement du syst\u00e8me des retraites qui est actuellement en place en France, au niveau du secteur priv\u00e9. Le livre nous renseigne sur le fonctionnement, les diff\u00e9rents types de r\u00e9gimes de retraite (obligatoires et\/ou compl\u00e9mentaires, secteur d\u2019activit\u00e9, cat\u00e9gorie socioprofessionnelle), [&hellip;]"}