{"version":"1.0","provider_name":"Le Blog GERESO","provider_url":"https:\/\/www.gereso.com\/actualites","author_name":"Damien P\u00e9an","author_url":"https:\/\/www.gereso.com\/actualites\/author\/d-pean\/","title":"Associations : cr\u00e9dit d\u2019imp\u00f4t sur la taxe sur les salaires - Le Blog GERESO","type":"rich","width":600,"height":338,"html":"<blockquote class=\"wp-embedded-content\" data-secret=\"Vm1Nd1tDTg\"><a href=\"https:\/\/www.gereso.com\/actualites\/2017\/05\/09\/associations-credit-impot-taxe-sur-les-salaires\/\">Associations : cr\u00e9dit d\u2019imp\u00f4t sur la taxe sur les salaires<\/a><\/blockquote><iframe sandbox=\"allow-scripts\" security=\"restricted\" src=\"https:\/\/www.gereso.com\/actualites\/2017\/05\/09\/associations-credit-impot-taxe-sur-les-salaires\/embed\/#?secret=Vm1Nd1tDTg\" width=\"600\" height=\"338\" title=\"\u00ab\u00a0Associations : cr\u00e9dit d\u2019imp\u00f4t sur la taxe sur les salaires\u00a0\u00bb &#8212; Le Blog GERESO\" data-secret=\"Vm1Nd1tDTg\" frameborder=\"0\" marginwidth=\"0\" marginheight=\"0\" scrolling=\"no\" class=\"wp-embedded-content\"><\/iframe><script type=\"text\/javascript\">\n\/* <![CDATA[ *\/\n\/*! This file is auto-generated *\/\n!function(d,l){\"use strict\";l.querySelector&&d.addEventListener&&\"undefined\"!=typeof URL&&(d.wp=d.wp||{},d.wp.receiveEmbedMessage||(d.wp.receiveEmbedMessage=function(e){var t=e.data;if((t||t.secret||t.message||t.value)&&!\/[^a-zA-Z0-9]\/.test(t.secret)){for(var s,r,n,a=l.querySelectorAll('iframe[data-secret=\"'+t.secret+'\"]'),o=l.querySelectorAll('blockquote[data-secret=\"'+t.secret+'\"]'),c=new RegExp(\"^https?:$\",\"i\"),i=0;i<o.length;i++)o[i].style.display=\"none\";for(i=0;i<a.length;i++)s=a[i],e.source===s.contentWindow&&(s.removeAttribute(\"style\"),\"height\"===t.message?(1e3<(r=parseInt(t.value,10))?r=1e3:~~r<200&&(r=200),s.height=r):\"link\"===t.message&&(r=new URL(s.getAttribute(\"src\")),n=new URL(t.value),c.test(n.protocol))&&n.host===r.host&&l.activeElement===s&&(d.top.location.href=t.value))}},d.addEventListener(\"message\",d.wp.receiveEmbedMessage,!1),l.addEventListener(\"DOMContentLoaded\",function(){for(var e,t,s=l.querySelectorAll(\"iframe.wp-embedded-content\"),r=0;r<s.length;r++)(t=(e=s[r]).getAttribute(\"data-secret\"))||(t=Math.random().toString(36).substring(2,12),e.src+=\"#?secret=\"+t,e.setAttribute(\"data-secret\",t)),e.contentWindow.postMessage({message:\"ready\",secret:t},\"*\")},!1)))}(window,document);\n\/\/# sourceURL=https:\/\/www.gereso.com\/actualites\/wp-includes\/js\/wp-embed.min.js\n\/* ]]> *\/\n<\/script>\n","description":"Depuis 2013, les entit\u00e9s soumises \u00e0 l\u2019imp\u00f4t sur les b\u00e9n\u00e9fices (imp\u00f4t sur le revenu ou imp\u00f4t sur les soci\u00e9t\u00e9s) et employant des salari\u00e9s, b\u00e9n\u00e9ficient d\u2019un cr\u00e9dit d\u2019imp\u00f4t comp\u00e9titivit\u00e9 emploi (CICE) calcul\u00e9 sur la base des salaires bruts qui n\u2019exc\u00e8dent pas 2,5 SMIC, vers\u00e9s au cours d\u2019une ann\u00e9e civile. Ce CICE ne b\u00e9n\u00e9ficie pas aux organismes [&hellip;]"}