{"version":"1.0","provider_name":"Le Blog GERESO","provider_url":"https:\/\/www.gereso.com\/actualites","author_name":"GERESO","author_url":"https:\/\/www.gereso.com\/actualites\/author\/wpadm_16root\/","title":"3 infos-cl\u00e9s sur les nouvelles r\u00e8gles li\u00e9es aux travailleurs d\u00e9tach\u00e9s - Le Blog GERESO","type":"rich","width":600,"height":338,"html":"<blockquote class=\"wp-embedded-content\" data-secret=\"gRSV4lsqQd\"><a href=\"https:\/\/www.gereso.com\/actualites\/2018\/01\/30\/3-infos-cles-nouvelles-regles-travailleurs-detaches\/\">3 infos-cl\u00e9s sur les nouvelles r\u00e8gles li\u00e9es aux travailleurs d\u00e9tach\u00e9s<\/a><\/blockquote><iframe sandbox=\"allow-scripts\" security=\"restricted\" src=\"https:\/\/www.gereso.com\/actualites\/2018\/01\/30\/3-infos-cles-nouvelles-regles-travailleurs-detaches\/embed\/#?secret=gRSV4lsqQd\" width=\"600\" height=\"338\" title=\"\u00ab\u00a03 infos-cl\u00e9s sur les nouvelles r\u00e8gles li\u00e9es aux travailleurs d\u00e9tach\u00e9s\u00a0\u00bb &#8212; Le Blog GERESO\" data-secret=\"gRSV4lsqQd\" frameborder=\"0\" marginwidth=\"0\" marginheight=\"0\" scrolling=\"no\" class=\"wp-embedded-content\"><\/iframe><script type=\"text\/javascript\">\n\/* <![CDATA[ *\/\n\/*! This file is auto-generated *\/\n!function(d,l){\"use strict\";l.querySelector&&d.addEventListener&&\"undefined\"!=typeof URL&&(d.wp=d.wp||{},d.wp.receiveEmbedMessage||(d.wp.receiveEmbedMessage=function(e){var t=e.data;if((t||t.secret||t.message||t.value)&&!\/[^a-zA-Z0-9]\/.test(t.secret)){for(var s,r,n,a=l.querySelectorAll('iframe[data-secret=\"'+t.secret+'\"]'),o=l.querySelectorAll('blockquote[data-secret=\"'+t.secret+'\"]'),c=new RegExp(\"^https?:$\",\"i\"),i=0;i<o.length;i++)o[i].style.display=\"none\";for(i=0;i<a.length;i++)s=a[i],e.source===s.contentWindow&&(s.removeAttribute(\"style\"),\"height\"===t.message?(1e3<(r=parseInt(t.value,10))?r=1e3:~~r<200&&(r=200),s.height=r):\"link\"===t.message&&(r=new URL(s.getAttribute(\"src\")),n=new URL(t.value),c.test(n.protocol))&&n.host===r.host&&l.activeElement===s&&(d.top.location.href=t.value))}},d.addEventListener(\"message\",d.wp.receiveEmbedMessage,!1),l.addEventListener(\"DOMContentLoaded\",function(){for(var e,t,s=l.querySelectorAll(\"iframe.wp-embedded-content\"),r=0;r<s.length;r++)(t=(e=s[r]).getAttribute(\"data-secret\"))||(t=Math.random().toString(36).substring(2,12),e.src+=\"#?secret=\"+t,e.setAttribute(\"data-secret\",t)),e.contentWindow.postMessage({message:\"ready\",secret:t},\"*\")},!1)))}(window,document);\n\/\/# sourceURL=https:\/\/www.gereso.com\/actualites\/wp-includes\/js\/wp-embed.min.js\n\/* ]]> *\/\n<\/script>\n","thumbnail_url":"https:\/\/www.gereso.com\/actualites\/wp-content\/uploads\/2018\/01\/3-infos-cl\u00e9s-sur-les-nouvelles-r\u00e8gles-li\u00e9es-aux-travailleurs-d\u00e9tach\u00e9s.jpg","thumbnail_width":600,"thumbnail_height":400,"description":"1\/ Un d\u00e9tachement limit\u00e9 \u00e0 12 mois, et plus d\u2019implantations fictives Jusqu\u2019ici, la dur\u00e9e du d\u00e9tachement \u00e9tait d\u00e9termin\u00e9e par les conventions bilat\u00e9rales de S\u00e9curit\u00e9 sociale et les r\u00e8glements communautaires de coordination des r\u00e9gimes de s\u00e9curit\u00e9 sociale. Depuis la r\u00e9vision de la directive, le droit du travail va dor\u00e9navant imposer ses limites en termes de dur\u00e9e [&hellip;]"}