{"version":"1.0","provider_name":"Le Blog GERESO","provider_url":"https:\/\/www.gereso.com\/actualites","author_name":"GERESO","author_url":"https:\/\/www.gereso.com\/actualites\/author\/wpadm_16root\/","title":"Tout savoir sur le cong\u00e9 de mobilit\u00e9 - Le Blog GERESO","type":"rich","width":600,"height":338,"html":"<blockquote class=\"wp-embedded-content\" data-secret=\"mA3pcUUiDX\"><a href=\"https:\/\/www.gereso.com\/actualites\/2018\/04\/13\/tout-savoir-sur-le-conge-de-mobilite\/\">Tout savoir sur le cong\u00e9 de mobilit\u00e9<\/a><\/blockquote><iframe sandbox=\"allow-scripts\" security=\"restricted\" src=\"https:\/\/www.gereso.com\/actualites\/2018\/04\/13\/tout-savoir-sur-le-conge-de-mobilite\/embed\/#?secret=mA3pcUUiDX\" width=\"600\" height=\"338\" title=\"\u00ab\u00a0Tout savoir sur le cong\u00e9 de mobilit\u00e9\u00a0\u00bb &#8212; Le Blog GERESO\" data-secret=\"mA3pcUUiDX\" frameborder=\"0\" marginwidth=\"0\" marginheight=\"0\" scrolling=\"no\" class=\"wp-embedded-content\"><\/iframe><script type=\"text\/javascript\">\n\/* <![CDATA[ *\/\n\/*! This file is auto-generated *\/\n!function(d,l){\"use strict\";l.querySelector&&d.addEventListener&&\"undefined\"!=typeof URL&&(d.wp=d.wp||{},d.wp.receiveEmbedMessage||(d.wp.receiveEmbedMessage=function(e){var t=e.data;if((t||t.secret||t.message||t.value)&&!\/[^a-zA-Z0-9]\/.test(t.secret)){for(var s,r,n,a=l.querySelectorAll('iframe[data-secret=\"'+t.secret+'\"]'),o=l.querySelectorAll('blockquote[data-secret=\"'+t.secret+'\"]'),c=new RegExp(\"^https?:$\",\"i\"),i=0;i<o.length;i++)o[i].style.display=\"none\";for(i=0;i<a.length;i++)s=a[i],e.source===s.contentWindow&&(s.removeAttribute(\"style\"),\"height\"===t.message?(1e3<(r=parseInt(t.value,10))?r=1e3:~~r<200&&(r=200),s.height=r):\"link\"===t.message&&(r=new URL(s.getAttribute(\"src\")),n=new URL(t.value),c.test(n.protocol))&&n.host===r.host&&l.activeElement===s&&(d.top.location.href=t.value))}},d.addEventListener(\"message\",d.wp.receiveEmbedMessage,!1),l.addEventListener(\"DOMContentLoaded\",function(){for(var e,t,s=l.querySelectorAll(\"iframe.wp-embedded-content\"),r=0;r<s.length;r++)(t=(e=s[r]).getAttribute(\"data-secret\"))||(t=Math.random().toString(36).substring(2,12),e.src+=\"#?secret=\"+t,e.setAttribute(\"data-secret\",t)),e.contentWindow.postMessage({message:\"ready\",secret:t},\"*\")},!1)))}(window,document);\n\/\/# sourceURL=https:\/\/www.gereso.com\/actualites\/wp-includes\/js\/wp-embed.min.js\n\/* ]]> *\/\n<\/script>\n","thumbnail_url":"https:\/\/www.gereso.com\/actualites\/wp-content\/uploads\/2018\/04\/cong\u00e9-mobilit\u00e9-accompagnement.jpg","thumbnail_width":600,"thumbnail_height":400,"description":"Attention, ce cong\u00e9 de mobilit\u00e9 ne doit pas \u00eatre confondu avec la mobilit\u00e9 volontaire s\u00e9curis\u00e9e. En effet, le dispositif de mobilit\u00e9 volontaire, applicable en dehors de toute proc\u00e9dure de licenciement \u00e9conomique, permet \u00e0 un salari\u00e9 d\u2019exercer une activit\u00e9 dans une autre entreprise tout en conservant la possibilit\u00e9 de revenir dans son entreprise d\u2019origine pendant un [&hellip;]"}