{"version":"1.0","provider_name":"Le Blog GERESO","provider_url":"https:\/\/www.gereso.com\/actualites","author_name":"Damien P\u00e9an","author_url":"https:\/\/www.gereso.com\/actualites\/author\/d-pean\/","title":"PCG : compte pour le pr\u00e9l\u00e8vement \u00e0 la source - Le Blog GERESO","type":"rich","width":600,"height":338,"html":"<blockquote class=\"wp-embedded-content\" data-secret=\"TpzHpeYK7d\"><a href=\"https:\/\/www.gereso.com\/actualites\/2018\/08\/01\/pcg-compte-pour-le-prelevement-a-la-source\/\">PCG : compte pour le pr\u00e9l\u00e8vement \u00e0 la source<\/a><\/blockquote><iframe sandbox=\"allow-scripts\" security=\"restricted\" src=\"https:\/\/www.gereso.com\/actualites\/2018\/08\/01\/pcg-compte-pour-le-prelevement-a-la-source\/embed\/#?secret=TpzHpeYK7d\" width=\"600\" height=\"338\" title=\"\u00ab\u00a0PCG : compte pour le pr\u00e9l\u00e8vement \u00e0 la source\u00a0\u00bb &#8212; Le Blog GERESO\" data-secret=\"TpzHpeYK7d\" frameborder=\"0\" marginwidth=\"0\" marginheight=\"0\" scrolling=\"no\" class=\"wp-embedded-content\"><\/iframe><script type=\"text\/javascript\">\n\/* <![CDATA[ *\/\n\/*! This file is auto-generated *\/\n!function(d,l){\"use strict\";l.querySelector&&d.addEventListener&&\"undefined\"!=typeof URL&&(d.wp=d.wp||{},d.wp.receiveEmbedMessage||(d.wp.receiveEmbedMessage=function(e){var t=e.data;if((t||t.secret||t.message||t.value)&&!\/[^a-zA-Z0-9]\/.test(t.secret)){for(var s,r,n,a=l.querySelectorAll('iframe[data-secret=\"'+t.secret+'\"]'),o=l.querySelectorAll('blockquote[data-secret=\"'+t.secret+'\"]'),c=new RegExp(\"^https?:$\",\"i\"),i=0;i<o.length;i++)o[i].style.display=\"none\";for(i=0;i<a.length;i++)s=a[i],e.source===s.contentWindow&&(s.removeAttribute(\"style\"),\"height\"===t.message?(1e3<(r=parseInt(t.value,10))?r=1e3:~~r<200&&(r=200),s.height=r):\"link\"===t.message&&(r=new URL(s.getAttribute(\"src\")),n=new URL(t.value),c.test(n.protocol))&&n.host===r.host&&l.activeElement===s&&(d.top.location.href=t.value))}},d.addEventListener(\"message\",d.wp.receiveEmbedMessage,!1),l.addEventListener(\"DOMContentLoaded\",function(){for(var e,t,s=l.querySelectorAll(\"iframe.wp-embedded-content\"),r=0;r<s.length;r++)(t=(e=s[r]).getAttribute(\"data-secret\"))||(t=Math.random().toString(36).substring(2,12),e.src+=\"#?secret=\"+t,e.setAttribute(\"data-secret\",t)),e.contentWindow.postMessage({message:\"ready\",secret:t},\"*\")},!1)))}(window,document);\n\/\/# sourceURL=https:\/\/www.gereso.com\/actualites\/wp-includes\/js\/wp-embed.min.js\n\/* ]]> *\/\n<\/script>\n","description":"L\u2019autorit\u00e9 des normes comptables (ANC) a adopt\u00e9 le 6 juillet dernier un r\u00e8glement relatif aux modalit\u00e9s de la prise en compte en comptabilit\u00e9 du pr\u00e9l\u00e8vement \u00e0 la source. Applicable \u00e0 compter du 1er janvier 2019, le pr\u00e9l\u00e8vement \u00e0 la source de l\u2019imp\u00f4t sur le revenu sera op\u00e9r\u00e9 par les employeurs, directement sur le salaire net [&hellip;]"}