{"version":"1.0","provider_name":"Le Blog GERESO","provider_url":"https:\/\/www.gereso.com\/actualites","author_name":"Alain Fauvaud","author_url":"https:\/\/www.gereso.com\/actualites\/author\/a-fauvaud\/","title":"Actualit\u00e9s paie en juin 2019 : les r\u00e9formes \u00e0 venir - Le Blog GERESO","type":"rich","width":600,"height":338,"html":"<blockquote class=\"wp-embedded-content\" data-secret=\"lPCZcWx0e8\"><a href=\"https:\/\/www.gereso.com\/actualites\/2019\/07\/22\/actualites-paie-juin-2019-reformes-venir\/\">Actualit\u00e9s paie en juin 2019 : les r\u00e9formes \u00e0 venir<\/a><\/blockquote><iframe sandbox=\"allow-scripts\" security=\"restricted\" src=\"https:\/\/www.gereso.com\/actualites\/2019\/07\/22\/actualites-paie-juin-2019-reformes-venir\/embed\/#?secret=lPCZcWx0e8\" width=\"600\" height=\"338\" title=\"\u00ab\u00a0Actualit\u00e9s paie en juin 2019 : les r\u00e9formes \u00e0 venir\u00a0\u00bb &#8212; Le Blog GERESO\" data-secret=\"lPCZcWx0e8\" frameborder=\"0\" marginwidth=\"0\" marginheight=\"0\" scrolling=\"no\" class=\"wp-embedded-content\"><\/iframe><script type=\"text\/javascript\">\n\/* <![CDATA[ *\/\n\/*! This file is auto-generated *\/\n!function(d,l){\"use strict\";l.querySelector&&d.addEventListener&&\"undefined\"!=typeof URL&&(d.wp=d.wp||{},d.wp.receiveEmbedMessage||(d.wp.receiveEmbedMessage=function(e){var t=e.data;if((t||t.secret||t.message||t.value)&&!\/[^a-zA-Z0-9]\/.test(t.secret)){for(var s,r,n,a=l.querySelectorAll('iframe[data-secret=\"'+t.secret+'\"]'),o=l.querySelectorAll('blockquote[data-secret=\"'+t.secret+'\"]'),c=new RegExp(\"^https?:$\",\"i\"),i=0;i<o.length;i++)o[i].style.display=\"none\";for(i=0;i<a.length;i++)s=a[i],e.source===s.contentWindow&&(s.removeAttribute(\"style\"),\"height\"===t.message?(1e3<(r=parseInt(t.value,10))?r=1e3:~~r<200&&(r=200),s.height=r):\"link\"===t.message&&(r=new URL(s.getAttribute(\"src\")),n=new URL(t.value),c.test(n.protocol))&&n.host===r.host&&l.activeElement===s&&(d.top.location.href=t.value))}},d.addEventListener(\"message\",d.wp.receiveEmbedMessage,!1),l.addEventListener(\"DOMContentLoaded\",function(){for(var e,t,s=l.querySelectorAll(\"iframe.wp-embedded-content\"),r=0;r<s.length;r++)(t=(e=s[r]).getAttribute(\"data-secret\"))||(t=Math.random().toString(36).substring(2,12),e.src+=\"#?secret=\"+t,e.setAttribute(\"data-secret\",t)),e.contentWindow.postMessage({message:\"ready\",secret:t},\"*\")},!1)))}(window,document);\n\/\/# sourceURL=https:\/\/www.gereso.com\/actualites\/wp-includes\/js\/wp-embed.min.js\n\/* ]]> *\/\n<\/script>\n","thumbnail_url":"https:\/\/www.gereso.com\/actualites\/wp-content\/uploads\/2019\/07\/Actualite\u0301s-Paie-Juin2019.jpg","thumbnail_width":600,"thumbnail_height":400,"description":"1\u00e8re partie : Les r\u00e9formes de l&rsquo;assurance ch\u00f4mage Actualit\u00e9 1 : Bonus\/malus sur les cotisations patronales ch\u00f4mage Actualit\u00e9 2 : Taxation des CDD d\u2019usage Actualit\u00e9 3 : Acc\u00e8s des salari\u00e9s \u00e0 l\u2019indemnisation ch\u00f4mage durci Actualit\u00e9 4 : Nouveau mode de calcul de l\u2019allocation ch\u00f4mage Actualit\u00e9 5 : D\u00e9gressivit\u00e9 des allocations ch\u00f4mage pour les cadres 2\u00e8me [&hellip;]"}