{"version":"1.0","provider_name":"Le Blog GERESO","provider_url":"https:\/\/www.gereso.com\/actualites","author_name":"Florent Sarrazin","author_url":"https:\/\/www.gereso.com\/actualites\/author\/f-sarrazin\/","title":"R\u00e9forme des retraites : \u00e0 propos de cotisations... - Le Blog GERESO","type":"rich","width":600,"height":338,"html":"<blockquote class=\"wp-embedded-content\" data-secret=\"3b6t7QLTxF\"><a href=\"https:\/\/www.gereso.com\/actualites\/2019\/11\/26\/reforme-retraite-cotisations\/\">R\u00e9forme des retraites : \u00e0 propos de cotisations&#8230;<\/a><\/blockquote><iframe sandbox=\"allow-scripts\" security=\"restricted\" src=\"https:\/\/www.gereso.com\/actualites\/2019\/11\/26\/reforme-retraite-cotisations\/embed\/#?secret=3b6t7QLTxF\" width=\"600\" height=\"338\" title=\"\u00ab\u00a0R\u00e9forme des retraites : \u00e0 propos de cotisations&#8230;\u00a0\u00bb &#8212; Le Blog GERESO\" data-secret=\"3b6t7QLTxF\" frameborder=\"0\" marginwidth=\"0\" marginheight=\"0\" scrolling=\"no\" class=\"wp-embedded-content\"><\/iframe><script type=\"text\/javascript\">\n\/* <![CDATA[ *\/\n\/*! This file is auto-generated *\/\n!function(d,l){\"use strict\";l.querySelector&&d.addEventListener&&\"undefined\"!=typeof URL&&(d.wp=d.wp||{},d.wp.receiveEmbedMessage||(d.wp.receiveEmbedMessage=function(e){var t=e.data;if((t||t.secret||t.message||t.value)&&!\/[^a-zA-Z0-9]\/.test(t.secret)){for(var s,r,n,a=l.querySelectorAll('iframe[data-secret=\"'+t.secret+'\"]'),o=l.querySelectorAll('blockquote[data-secret=\"'+t.secret+'\"]'),c=new RegExp(\"^https?:$\",\"i\"),i=0;i<o.length;i++)o[i].style.display=\"none\";for(i=0;i<a.length;i++)s=a[i],e.source===s.contentWindow&&(s.removeAttribute(\"style\"),\"height\"===t.message?(1e3<(r=parseInt(t.value,10))?r=1e3:~~r<200&&(r=200),s.height=r):\"link\"===t.message&&(r=new URL(s.getAttribute(\"src\")),n=new URL(t.value),c.test(n.protocol))&&n.host===r.host&&l.activeElement===s&&(d.top.location.href=t.value))}},d.addEventListener(\"message\",d.wp.receiveEmbedMessage,!1),l.addEventListener(\"DOMContentLoaded\",function(){for(var e,t,s=l.querySelectorAll(\"iframe.wp-embedded-content\"),r=0;r<s.length;r++)(t=(e=s[r]).getAttribute(\"data-secret\"))||(t=Math.random().toString(36).substring(2,12),e.src+=\"#?secret=\"+t,e.setAttribute(\"data-secret\",t)),e.contentWindow.postMessage({message:\"ready\",secret:t},\"*\")},!1)))}(window,document);\n\/\/# sourceURL=https:\/\/www.gereso.com\/actualites\/wp-includes\/js\/wp-embed.min.js\n\/* ]]> *\/\n<\/script>\n","thumbnail_url":"https:\/\/www.gereso.com\/actualites\/wp-content\/uploads\/2019\/11\/CotisationsReformeRetraite.jpg","thumbnail_width":600,"thumbnail_height":400,"description":"Le syst\u00e8me de retraite fran\u00e7ais fonctionne essentiellement en r\u00e9partition, c\u2019est-\u00e0-dire que les cotisations vers\u00e9es par les actifs au cours d\u2019une ann\u00e9e servent \u00e0 payer les pensions des retrait\u00e9s de cette m\u00eame ann\u00e9e. \u00c0 ce titre, il est fond\u00e9 depuis 1945 sur un triple principe : Une solidarit\u00e9 interg\u00e9n\u00e9rationnelle entre actifs et retrait\u00e9s tout d\u2019abord&nbsp;; Une [&hellip;]"}