{"version":"1.0","provider_name":"Le Blog GERESO","provider_url":"https:\/\/www.gereso.com\/actualites","author_name":"Damien P\u00e9an","author_url":"https:\/\/www.gereso.com\/actualites\/author\/d-pean\/","title":"CFE : acompte du 15 juin ajust\u00e9 - Le Blog GERESO","type":"rich","width":600,"height":338,"html":"<blockquote class=\"wp-embedded-content\" data-secret=\"FFoDjQR8Rz\"><a href=\"https:\/\/www.gereso.com\/actualites\/2020\/06\/08\/cfe-acompte-du-15-juin-ajuste\/\">CFE : acompte du 15 juin ajust\u00e9<\/a><\/blockquote><iframe sandbox=\"allow-scripts\" security=\"restricted\" src=\"https:\/\/www.gereso.com\/actualites\/2020\/06\/08\/cfe-acompte-du-15-juin-ajuste\/embed\/#?secret=FFoDjQR8Rz\" width=\"600\" height=\"338\" title=\"\u00ab\u00a0CFE : acompte du 15 juin ajust\u00e9\u00a0\u00bb &#8212; Le Blog GERESO\" data-secret=\"FFoDjQR8Rz\" frameborder=\"0\" marginwidth=\"0\" marginheight=\"0\" scrolling=\"no\" class=\"wp-embedded-content\"><\/iframe><script type=\"text\/javascript\">\n\/* <![CDATA[ *\/\n\/*! This file is auto-generated *\/\n!function(d,l){\"use strict\";l.querySelector&&d.addEventListener&&\"undefined\"!=typeof URL&&(d.wp=d.wp||{},d.wp.receiveEmbedMessage||(d.wp.receiveEmbedMessage=function(e){var t=e.data;if((t||t.secret||t.message||t.value)&&!\/[^a-zA-Z0-9]\/.test(t.secret)){for(var s,r,n,a=l.querySelectorAll('iframe[data-secret=\"'+t.secret+'\"]'),o=l.querySelectorAll('blockquote[data-secret=\"'+t.secret+'\"]'),c=new RegExp(\"^https?:$\",\"i\"),i=0;i<o.length;i++)o[i].style.display=\"none\";for(i=0;i<a.length;i++)s=a[i],e.source===s.contentWindow&&(s.removeAttribute(\"style\"),\"height\"===t.message?(1e3<(r=parseInt(t.value,10))?r=1e3:~~r<200&&(r=200),s.height=r):\"link\"===t.message&&(r=new URL(s.getAttribute(\"src\")),n=new URL(t.value),c.test(n.protocol))&&n.host===r.host&&l.activeElement===s&&(d.top.location.href=t.value))}},d.addEventListener(\"message\",d.wp.receiveEmbedMessage,!1),l.addEventListener(\"DOMContentLoaded\",function(){for(var e,t,s=l.querySelectorAll(\"iframe.wp-embedded-content\"),r=0;r<s.length;r++)(t=(e=s[r]).getAttribute(\"data-secret\"))||(t=Math.random().toString(36).substring(2,12),e.src+=\"#?secret=\"+t,e.setAttribute(\"data-secret\",t)),e.contentWindow.postMessage({message:\"ready\",secret:t},\"*\")},!1)))}(window,document);\n\/\/# sourceURL=https:\/\/www.gereso.com\/actualites\/wp-includes\/js\/wp-embed.min.js\n\/* ]]> *\/\n<\/script>\n","description":"Le Gouvernement a annonc\u00e9 qu\u2019il supprimait l\u2019acompte de CFE du 15 juin pour les secteurs les plus touch\u00e9s par la crise sanitaire (h\u00f4tellerie et restauration notamment). Possibilit\u00e9 de report de l\u2019acompte du 15 juin dans certains secteurs En principe, ce 15 juin, les entreprises dont la CFE (cotisation fonci\u00e8re des entreprises) de l\u2019an dernier \u00e9tait [&hellip;]"}