{"version":"1.0","provider_name":"Le Blog GERESO","provider_url":"https:\/\/www.gereso.com\/actualites","author_name":"Damien P\u00e9an","author_url":"https:\/\/www.gereso.com\/actualites\/author\/d-pean\/","title":"PLF 2021 : le Conseil constitutionnel valide le texte - Le Blog GERESO","type":"rich","width":600,"height":338,"html":"<blockquote class=\"wp-embedded-content\" data-secret=\"2gxkmPCjsV\"><a href=\"https:\/\/www.gereso.com\/actualites\/2020\/12\/30\/plf-2021-le-conseil-constitutionnel-valide-le-texte\/\">PLF 2021 : le Conseil constitutionnel valide le texte<\/a><\/blockquote><iframe sandbox=\"allow-scripts\" security=\"restricted\" src=\"https:\/\/www.gereso.com\/actualites\/2020\/12\/30\/plf-2021-le-conseil-constitutionnel-valide-le-texte\/embed\/#?secret=2gxkmPCjsV\" width=\"600\" height=\"338\" title=\"\u00ab\u00a0PLF 2021 : le Conseil constitutionnel valide le texte\u00a0\u00bb &#8212; Le Blog GERESO\" data-secret=\"2gxkmPCjsV\" frameborder=\"0\" marginwidth=\"0\" marginheight=\"0\" scrolling=\"no\" class=\"wp-embedded-content\"><\/iframe><script type=\"text\/javascript\">\n\/* <![CDATA[ *\/\n\/*! This file is auto-generated *\/\n!function(d,l){\"use strict\";l.querySelector&&d.addEventListener&&\"undefined\"!=typeof URL&&(d.wp=d.wp||{},d.wp.receiveEmbedMessage||(d.wp.receiveEmbedMessage=function(e){var t=e.data;if((t||t.secret||t.message||t.value)&&!\/[^a-zA-Z0-9]\/.test(t.secret)){for(var s,r,n,a=l.querySelectorAll('iframe[data-secret=\"'+t.secret+'\"]'),o=l.querySelectorAll('blockquote[data-secret=\"'+t.secret+'\"]'),c=new RegExp(\"^https?:$\",\"i\"),i=0;i<o.length;i++)o[i].style.display=\"none\";for(i=0;i<a.length;i++)s=a[i],e.source===s.contentWindow&&(s.removeAttribute(\"style\"),\"height\"===t.message?(1e3<(r=parseInt(t.value,10))?r=1e3:~~r<200&&(r=200),s.height=r):\"link\"===t.message&&(r=new URL(s.getAttribute(\"src\")),n=new URL(t.value),c.test(n.protocol))&&n.host===r.host&&l.activeElement===s&&(d.top.location.href=t.value))}},d.addEventListener(\"message\",d.wp.receiveEmbedMessage,!1),l.addEventListener(\"DOMContentLoaded\",function(){for(var e,t,s=l.querySelectorAll(\"iframe.wp-embedded-content\"),r=0;r<s.length;r++)(t=(e=s[r]).getAttribute(\"data-secret\"))||(t=Math.random().toString(36).substring(2,12),e.src+=\"#?secret=\"+t,e.setAttribute(\"data-secret\",t)),e.contentWindow.postMessage({message:\"ready\",secret:t},\"*\")},!1)))}(window,document);\n\/\/# sourceURL=https:\/\/www.gereso.com\/actualites\/wp-includes\/js\/wp-embed.min.js\n\/* ]]> *\/\n<\/script>\n","description":"Examin\u00e9 par le Conseil constitutionnel, le PLF 2021 (projet de loi de finances) a \u00e9t\u00e9 valid\u00e9 pour l\u2019essentiel. 7 mesures, qualifi\u00e9es de \u00ab\u00a0cavaliers budg\u00e9taires\u00a0\u00bb ont \u00e9t\u00e9 censur\u00e9es. Les v\u00e9hicules lourds seront tax\u00e9s Valid\u00e9 en derni\u00e8re lecture par l\u2019Assembl\u00e9e nationale le 17 d\u00e9cembre, 60 d\u00e9put\u00e9s ainsi que 60 s\u00e9nateurs avaient saisi le Conseil constitutionnel sur plusieurs [&hellip;]"}