{"version":"1.0","provider_name":"Le Blog GERESO","provider_url":"https:\/\/www.gereso.com\/actualites","author_name":"\u00c9quipe GERESO","author_url":"https:\/\/www.gereso.com\/actualites\/author\/gereso\/","title":"L\u2019indemnit\u00e9 de licenciement : comment la calculer ? - Le Blog GERESO","type":"rich","width":600,"height":338,"html":"<blockquote class=\"wp-embedded-content\" data-secret=\"1IkT5bAhRt\"><a href=\"https:\/\/www.gereso.com\/actualites\/2021\/12\/22\/indemnite-licenciement-comment-calculer\/\">L\u2019indemnit\u00e9 de licenciement : comment la calculer ?<\/a><\/blockquote><iframe sandbox=\"allow-scripts\" security=\"restricted\" src=\"https:\/\/www.gereso.com\/actualites\/2021\/12\/22\/indemnite-licenciement-comment-calculer\/embed\/#?secret=1IkT5bAhRt\" width=\"600\" height=\"338\" title=\"\u00ab\u00a0L\u2019indemnit\u00e9 de licenciement : comment la calculer ?\u00a0\u00bb &#8212; Le Blog GERESO\" data-secret=\"1IkT5bAhRt\" frameborder=\"0\" marginwidth=\"0\" marginheight=\"0\" scrolling=\"no\" class=\"wp-embedded-content\"><\/iframe><script type=\"text\/javascript\">\n\/* <![CDATA[ *\/\n\/*! This file is auto-generated *\/\n!function(d,l){\"use strict\";l.querySelector&&d.addEventListener&&\"undefined\"!=typeof URL&&(d.wp=d.wp||{},d.wp.receiveEmbedMessage||(d.wp.receiveEmbedMessage=function(e){var t=e.data;if((t||t.secret||t.message||t.value)&&!\/[^a-zA-Z0-9]\/.test(t.secret)){for(var s,r,n,a=l.querySelectorAll('iframe[data-secret=\"'+t.secret+'\"]'),o=l.querySelectorAll('blockquote[data-secret=\"'+t.secret+'\"]'),c=new RegExp(\"^https?:$\",\"i\"),i=0;i<o.length;i++)o[i].style.display=\"none\";for(i=0;i<a.length;i++)s=a[i],e.source===s.contentWindow&&(s.removeAttribute(\"style\"),\"height\"===t.message?(1e3<(r=parseInt(t.value,10))?r=1e3:~~r<200&&(r=200),s.height=r):\"link\"===t.message&&(r=new URL(s.getAttribute(\"src\")),n=new URL(t.value),c.test(n.protocol))&&n.host===r.host&&l.activeElement===s&&(d.top.location.href=t.value))}},d.addEventListener(\"message\",d.wp.receiveEmbedMessage,!1),l.addEventListener(\"DOMContentLoaded\",function(){for(var e,t,s=l.querySelectorAll(\"iframe.wp-embedded-content\"),r=0;r<s.length;r++)(t=(e=s[r]).getAttribute(\"data-secret\"))||(t=Math.random().toString(36).substring(2,12),e.src+=\"#?secret=\"+t,e.setAttribute(\"data-secret\",t)),e.contentWindow.postMessage({message:\"ready\",secret:t},\"*\")},!1)))}(window,document);\n\/\/# sourceURL=https:\/\/www.gereso.com\/actualites\/wp-includes\/js\/wp-embed.min.js\n\/* ]]> *\/\n<\/script>\n","thumbnail_url":"https:\/\/www.gereso.com\/actualites\/wp-content\/uploads\/2021\/12\/Indemnite-licenciement.jpg","thumbnail_width":600,"thumbnail_height":400,"description":"L\u2019indemnit\u00e9 de licenciement Elle est vers\u00e9e lorsque l\u2019employeur est \u00e0 l\u2019initiative de la rupture d\u2019un contrat \u00e0 dur\u00e9e ind\u00e9termin\u00e9e sauf faute grave ou faute lourde du salari\u00e9. Elle sera vers\u00e9e pour les autres types de licenciement (pour motif personnel, motif \u00e9conomique, pour inaptitude ou pour faute \u00ab&nbsp;simple&nbsp;\u00bb) et sera m\u00eame doubl\u00e9e en cas de licenciement [&hellip;]"}