{"version":"1.0","provider_name":"Le Blog GERESO","provider_url":"https:\/\/www.gereso.com\/actualites","author_name":"\u00c9quipe GERESO","author_url":"https:\/\/www.gereso.com\/actualites\/author\/gereso\/","title":"Assistants familiaux &#8211; Nouveau d\u00e9cret - Le Blog GERESO","type":"rich","width":600,"height":338,"html":"<blockquote class=\"wp-embedded-content\" data-secret=\"i6K94UJgDK\"><a href=\"https:\/\/www.gereso.com\/actualites\/2022\/10\/25\/assistants-familiaux-nouveau-decret\/\">Assistants familiaux &#8211; Nouveau d\u00e9cret<\/a><\/blockquote><iframe sandbox=\"allow-scripts\" security=\"restricted\" src=\"https:\/\/www.gereso.com\/actualites\/2022\/10\/25\/assistants-familiaux-nouveau-decret\/embed\/#?secret=i6K94UJgDK\" width=\"600\" height=\"338\" title=\"\u00ab\u00a0Assistants familiaux &#8211; Nouveau d\u00e9cret\u00a0\u00bb &#8212; Le Blog GERESO\" data-secret=\"i6K94UJgDK\" frameborder=\"0\" marginwidth=\"0\" marginheight=\"0\" scrolling=\"no\" class=\"wp-embedded-content\"><\/iframe><script type=\"text\/javascript\">\n\/* <![CDATA[ *\/\n\/*! This file is auto-generated *\/\n!function(d,l){\"use strict\";l.querySelector&&d.addEventListener&&\"undefined\"!=typeof URL&&(d.wp=d.wp||{},d.wp.receiveEmbedMessage||(d.wp.receiveEmbedMessage=function(e){var t=e.data;if((t||t.secret||t.message||t.value)&&!\/[^a-zA-Z0-9]\/.test(t.secret)){for(var s,r,n,a=l.querySelectorAll('iframe[data-secret=\"'+t.secret+'\"]'),o=l.querySelectorAll('blockquote[data-secret=\"'+t.secret+'\"]'),c=new RegExp(\"^https?:$\",\"i\"),i=0;i<o.length;i++)o[i].style.display=\"none\";for(i=0;i<a.length;i++)s=a[i],e.source===s.contentWindow&&(s.removeAttribute(\"style\"),\"height\"===t.message?(1e3<(r=parseInt(t.value,10))?r=1e3:~~r<200&&(r=200),s.height=r):\"link\"===t.message&&(r=new URL(s.getAttribute(\"src\")),n=new URL(t.value),c.test(n.protocol))&&n.host===r.host&&l.activeElement===s&&(d.top.location.href=t.value))}},d.addEventListener(\"message\",d.wp.receiveEmbedMessage,!1),l.addEventListener(\"DOMContentLoaded\",function(){for(var e,t,s=l.querySelectorAll(\"iframe.wp-embedded-content\"),r=0;r<s.length;r++)(t=(e=s[r]).getAttribute(\"data-secret\"))||(t=Math.random().toString(36).substring(2,12),e.src+=\"#?secret=\"+t,e.setAttribute(\"data-secret\",t)),e.contentWindow.postMessage({message:\"ready\",secret:t},\"*\")},!1)))}(window,document);\n\/\/# sourceURL=https:\/\/www.gereso.com\/actualites\/wp-includes\/js\/wp-embed.min.js\n\/* ]]> *\/\n<\/script>\n","description":"Selon l\u2019article L. 421-2 du Code de l\u2019action sociale et des familles (CASF), \u00ab\u00a0l\u2019assistant familial est la personne qui, moyennant r\u00e9mun\u00e9ration, accueille habituellement et de fa\u00e7on permanente des mineurs et des jeunes majeurs de moins de vingt-et-un ans \u00e0 son domicile\u00a0\u00bb. Le d\u00e9cret n\u00b0\u00a02022-1198 du 31 ao\u00fbt 2022, entr\u00e9 en vigueur le 1er septembre 2022, [&hellip;]"}