{"version":"1.0","provider_name":"Le Blog GERESO","provider_url":"https:\/\/www.gereso.com\/actualites","author_name":"\u00c9quipe GERESO","author_url":"https:\/\/www.gereso.com\/actualites\/author\/gereso\/","title":"Mobilit\u00e9 g\u00e9ographique des salari\u00e9s, jusqu\u2019o\u00f9 peut-on aller\u00a0? - Le Blog GERESO","type":"rich","width":600,"height":338,"html":"<blockquote class=\"wp-embedded-content\" data-secret=\"Q7QlXfhoga\"><a href=\"https:\/\/www.gereso.com\/actualites\/2023\/06\/07\/mobilite-geographique-salaries-ou-peut-on-aller\/\">Mobilit\u00e9 g\u00e9ographique des salari\u00e9s, jusqu\u2019o\u00f9 peut-on aller\u00a0?<\/a><\/blockquote><iframe sandbox=\"allow-scripts\" security=\"restricted\" src=\"https:\/\/www.gereso.com\/actualites\/2023\/06\/07\/mobilite-geographique-salaries-ou-peut-on-aller\/embed\/#?secret=Q7QlXfhoga\" width=\"600\" height=\"338\" title=\"\u00ab\u00a0Mobilit\u00e9 g\u00e9ographique des salari\u00e9s, jusqu\u2019o\u00f9 peut-on aller\u00a0?\u00a0\u00bb &#8212; Le Blog GERESO\" data-secret=\"Q7QlXfhoga\" frameborder=\"0\" marginwidth=\"0\" marginheight=\"0\" scrolling=\"no\" class=\"wp-embedded-content\"><\/iframe><script type=\"text\/javascript\">\n\/* <![CDATA[ *\/\n\/*! This file is auto-generated *\/\n!function(d,l){\"use strict\";l.querySelector&&d.addEventListener&&\"undefined\"!=typeof URL&&(d.wp=d.wp||{},d.wp.receiveEmbedMessage||(d.wp.receiveEmbedMessage=function(e){var t=e.data;if((t||t.secret||t.message||t.value)&&!\/[^a-zA-Z0-9]\/.test(t.secret)){for(var s,r,n,a=l.querySelectorAll('iframe[data-secret=\"'+t.secret+'\"]'),o=l.querySelectorAll('blockquote[data-secret=\"'+t.secret+'\"]'),c=new RegExp(\"^https?:$\",\"i\"),i=0;i<o.length;i++)o[i].style.display=\"none\";for(i=0;i<a.length;i++)s=a[i],e.source===s.contentWindow&&(s.removeAttribute(\"style\"),\"height\"===t.message?(1e3<(r=parseInt(t.value,10))?r=1e3:~~r<200&&(r=200),s.height=r):\"link\"===t.message&&(r=new URL(s.getAttribute(\"src\")),n=new URL(t.value),c.test(n.protocol))&&n.host===r.host&&l.activeElement===s&&(d.top.location.href=t.value))}},d.addEventListener(\"message\",d.wp.receiveEmbedMessage,!1),l.addEventListener(\"DOMContentLoaded\",function(){for(var e,t,s=l.querySelectorAll(\"iframe.wp-embedded-content\"),r=0;r<s.length;r++)(t=(e=s[r]).getAttribute(\"data-secret\"))||(t=Math.random().toString(36).substring(2,12),e.src+=\"#?secret=\"+t,e.setAttribute(\"data-secret\",t)),e.contentWindow.postMessage({message:\"ready\",secret:t},\"*\")},!1)))}(window,document);\n\/\/# sourceURL=https:\/\/www.gereso.com\/actualites\/wp-includes\/js\/wp-embed.min.js\n\/* ]]> *\/\n<\/script>\n","thumbnail_url":"https:\/\/www.gereso.com\/actualites\/wp-content\/uploads\/2023\/05\/mobilite-geographique-salarie-ou-peut-on-aller.jpg","thumbnail_width":600,"thumbnail_height":400,"description":"Le salari\u00e9 peut-il d\u00e9cider de d\u00e9m\u00e9nager loin de son lieu de travail&nbsp;ou \u00e0 l\u2019\u00e9tranger&nbsp;? Juridiquement, aucune disposition l\u00e9gale ne vient limiter la libert\u00e9 de fixation de son domicile par le salari\u00e9. Au contraire, le choix du lieu de r\u00e9sidence entre dans le cadre de la vie priv\u00e9e et il est prot\u00e9g\u00e9 par l\u2019article 8 de [&hellip;]"}