{"version":"1.0","provider_name":"Le Blog GERESO","provider_url":"https:\/\/www.gereso.com\/actualites","author_name":"\u00c9quipe GERESO","author_url":"https:\/\/www.gereso.com\/actualites\/author\/gereso\/","title":"Les mesures sociales du projet de loi \u00ab\u00a0Justice 2023-2027\u00a0\u00bb - Le Blog GERESO","type":"rich","width":600,"height":338,"html":"<blockquote class=\"wp-embedded-content\" data-secret=\"gpEpBfM1MG\"><a href=\"https:\/\/www.gereso.com\/actualites\/2023\/07\/17\/mesures-sociales-projet-loi-justice-2023-2027\/\">Les mesures sociales du projet de loi \u00ab\u00a0Justice 2023-2027\u00a0\u00bb<\/a><\/blockquote><iframe sandbox=\"allow-scripts\" security=\"restricted\" src=\"https:\/\/www.gereso.com\/actualites\/2023\/07\/17\/mesures-sociales-projet-loi-justice-2023-2027\/embed\/#?secret=gpEpBfM1MG\" width=\"600\" height=\"338\" title=\"\u00ab\u00a0Les mesures sociales du projet de loi \u00ab\u00a0Justice 2023-2027\u00a0\u00bb\u00a0\u00bb &#8212; Le Blog GERESO\" data-secret=\"gpEpBfM1MG\" frameborder=\"0\" marginwidth=\"0\" marginheight=\"0\" scrolling=\"no\" class=\"wp-embedded-content\"><\/iframe><script type=\"text\/javascript\">\n\/* <![CDATA[ *\/\n\/*! This file is auto-generated *\/\n!function(d,l){\"use strict\";l.querySelector&&d.addEventListener&&\"undefined\"!=typeof URL&&(d.wp=d.wp||{},d.wp.receiveEmbedMessage||(d.wp.receiveEmbedMessage=function(e){var t=e.data;if((t||t.secret||t.message||t.value)&&!\/[^a-zA-Z0-9]\/.test(t.secret)){for(var s,r,n,a=l.querySelectorAll('iframe[data-secret=\"'+t.secret+'\"]'),o=l.querySelectorAll('blockquote[data-secret=\"'+t.secret+'\"]'),c=new RegExp(\"^https?:$\",\"i\"),i=0;i<o.length;i++)o[i].style.display=\"none\";for(i=0;i<a.length;i++)s=a[i],e.source===s.contentWindow&&(s.removeAttribute(\"style\"),\"height\"===t.message?(1e3<(r=parseInt(t.value,10))?r=1e3:~~r<200&&(r=200),s.height=r):\"link\"===t.message&&(r=new URL(s.getAttribute(\"src\")),n=new URL(t.value),c.test(n.protocol))&&n.host===r.host&&l.activeElement===s&&(d.top.location.href=t.value))}},d.addEventListener(\"message\",d.wp.receiveEmbedMessage,!1),l.addEventListener(\"DOMContentLoaded\",function(){for(var e,t,s=l.querySelectorAll(\"iframe.wp-embedded-content\"),r=0;r<s.length;r++)(t=(e=s[r]).getAttribute(\"data-secret\"))||(t=Math.random().toString(36).substring(2,12),e.src+=\"#?secret=\"+t,e.setAttribute(\"data-secret\",t)),e.contentWindow.postMessage({message:\"ready\",secret:t},\"*\")},!1)))}(window,document);\n\/\/# sourceURL=https:\/\/www.gereso.com\/actualites\/wp-includes\/js\/wp-embed.min.js\n\/* ]]> *\/\n<\/script>\n","thumbnail_url":"https:\/\/www.gereso.com\/actualites\/wp-content\/uploads\/2023\/07\/mesures-sociales-justice-2023-2027.jpg","thumbnail_width":600,"thumbnail_height":400,"description":"La saisie des r\u00e9mun\u00e9rations mise en \u0153uvre par les commissaires de justice \u00c0 l\u2019heure actuelle, la proc\u00e9dure de saisie des r\u00e9mun\u00e9rations, qui permet \u00e0 un cr\u00e9ancier priv\u00e9 de saisir les r\u00e9mun\u00e9rations d\u2019un salari\u00e9 d\u00e9biteur, est mise en \u0153uvre sur autorisation judiciaire, apr\u00e8s \u00e9chec d&rsquo;une tentative pr\u00e9alable de conciliation men\u00e9e par le juge. Code du travail [&hellip;]"}