{"version":"1.0","provider_name":"Le Blog GERESO","provider_url":"https:\/\/www.gereso.com\/actualites","author_name":"\u00c9quipe GERESO","author_url":"https:\/\/www.gereso.com\/actualites\/author\/gereso\/","title":"Le sort des d\u00e9parts \u00e0 la retraite pr\u00e9vus sur 2023 - Le Blog GERESO","type":"rich","width":600,"height":338,"html":"<blockquote class=\"wp-embedded-content\" data-secret=\"FjllLzUkLD\"><a href=\"https:\/\/www.gereso.com\/actualites\/2023\/07\/17\/sort-departs-retraite-prevus-2023\/\">Le sort des d\u00e9parts \u00e0 la retraite pr\u00e9vus sur 2023<\/a><\/blockquote><iframe sandbox=\"allow-scripts\" security=\"restricted\" src=\"https:\/\/www.gereso.com\/actualites\/2023\/07\/17\/sort-departs-retraite-prevus-2023\/embed\/#?secret=FjllLzUkLD\" width=\"600\" height=\"338\" title=\"\u00ab\u00a0Le sort des d\u00e9parts \u00e0 la retraite pr\u00e9vus sur 2023\u00a0\u00bb &#8212; Le Blog GERESO\" data-secret=\"FjllLzUkLD\" frameborder=\"0\" marginwidth=\"0\" marginheight=\"0\" scrolling=\"no\" class=\"wp-embedded-content\"><\/iframe><script type=\"text\/javascript\">\n\/* <![CDATA[ *\/\n\/*! This file is auto-generated *\/\n!function(d,l){\"use strict\";l.querySelector&&d.addEventListener&&\"undefined\"!=typeof URL&&(d.wp=d.wp||{},d.wp.receiveEmbedMessage||(d.wp.receiveEmbedMessage=function(e){var t=e.data;if((t||t.secret||t.message||t.value)&&!\/[^a-zA-Z0-9]\/.test(t.secret)){for(var s,r,n,a=l.querySelectorAll('iframe[data-secret=\"'+t.secret+'\"]'),o=l.querySelectorAll('blockquote[data-secret=\"'+t.secret+'\"]'),c=new RegExp(\"^https?:$\",\"i\"),i=0;i<o.length;i++)o[i].style.display=\"none\";for(i=0;i<a.length;i++)s=a[i],e.source===s.contentWindow&&(s.removeAttribute(\"style\"),\"height\"===t.message?(1e3<(r=parseInt(t.value,10))?r=1e3:~~r<200&&(r=200),s.height=r):\"link\"===t.message&&(r=new URL(s.getAttribute(\"src\")),n=new URL(t.value),c.test(n.protocol))&&n.host===r.host&&l.activeElement===s&&(d.top.location.href=t.value))}},d.addEventListener(\"message\",d.wp.receiveEmbedMessage,!1),l.addEventListener(\"DOMContentLoaded\",function(){for(var e,t,s=l.querySelectorAll(\"iframe.wp-embedded-content\"),r=0;r<s.length;r++)(t=(e=s[r]).getAttribute(\"data-secret\"))||(t=Math.random().toString(36).substring(2,12),e.src+=\"#?secret=\"+t,e.setAttribute(\"data-secret\",t)),e.contentWindow.postMessage({message:\"ready\",secret:t},\"*\")},!1)))}(window,document);\n\/\/# sourceURL=https:\/\/www.gereso.com\/actualites\/wp-includes\/js\/wp-embed.min.js\n\/* ]]> *\/\n<\/script>\n","thumbnail_url":"https:\/\/www.gereso.com\/actualites\/wp-content\/uploads\/2023\/07\/sort-departs-retraite-2023.jpg","thumbnail_width":600,"thumbnail_height":400,"description":"Changement de r\u00e8gles au 1er septembre 2023 Rel\u00e8vement de l\u2019\u00e2ge de la retraite La loi du 14 avril 2023 qui porte la r\u00e9forme des retraites pr\u00e9voit le rel\u00e8vement progressif de l\u2019\u00e2ge l\u00e9gal de d\u00e9part \u00e0 la retraite de 62 \u00e0 64 ans, \u00e0 compter du 1er septembre 2023. Loi article 10, I, 2\u00b0, B ; [&hellip;]"}