{"version":"1.0","provider_name":"Le Blog GERESO","provider_url":"https:\/\/www.gereso.com\/actualites","author_name":"Amandine Lecomte","author_url":"https:\/\/www.gereso.com\/actualites\/author\/a-lecomte\/","title":"Point de vue\u00a0: \u00e0 propos de l\u2019information \u00e0 France Travail lorsque le salari\u00e9 en CDD ou en Int\u00e9rim refuse un CDI aux m\u00eames conditions - Le Blog GERESO","type":"rich","width":600,"height":338,"html":"<blockquote class=\"wp-embedded-content\" data-secret=\"lmVNAhtNa9\"><a href=\"https:\/\/www.gereso.com\/actualites\/2024\/01\/23\/information-france-travail-refus-cdi\/\">Point de vue\u00a0: \u00e0 propos de l\u2019information \u00e0 France Travail lorsque le salari\u00e9 en CDD ou en Int\u00e9rim refuse un CDI aux m\u00eames conditions<\/a><\/blockquote><iframe sandbox=\"allow-scripts\" security=\"restricted\" src=\"https:\/\/www.gereso.com\/actualites\/2024\/01\/23\/information-france-travail-refus-cdi\/embed\/#?secret=lmVNAhtNa9\" width=\"600\" height=\"338\" title=\"\u00ab\u00a0Point de vue\u00a0: \u00e0 propos de l\u2019information \u00e0 France Travail lorsque le salari\u00e9 en CDD ou en Int\u00e9rim refuse un CDI aux m\u00eames conditions\u00a0\u00bb &#8212; Le Blog GERESO\" data-secret=\"lmVNAhtNa9\" frameborder=\"0\" marginwidth=\"0\" marginheight=\"0\" scrolling=\"no\" class=\"wp-embedded-content\"><\/iframe><script type=\"text\/javascript\">\n\/* <![CDATA[ *\/\n\/*! This file is auto-generated *\/\n!function(d,l){\"use strict\";l.querySelector&&d.addEventListener&&\"undefined\"!=typeof URL&&(d.wp=d.wp||{},d.wp.receiveEmbedMessage||(d.wp.receiveEmbedMessage=function(e){var t=e.data;if((t||t.secret||t.message||t.value)&&!\/[^a-zA-Z0-9]\/.test(t.secret)){for(var s,r,n,a=l.querySelectorAll('iframe[data-secret=\"'+t.secret+'\"]'),o=l.querySelectorAll('blockquote[data-secret=\"'+t.secret+'\"]'),c=new RegExp(\"^https?:$\",\"i\"),i=0;i<o.length;i++)o[i].style.display=\"none\";for(i=0;i<a.length;i++)s=a[i],e.source===s.contentWindow&&(s.removeAttribute(\"style\"),\"height\"===t.message?(1e3<(r=parseInt(t.value,10))?r=1e3:~~r<200&&(r=200),s.height=r):\"link\"===t.message&&(r=new URL(s.getAttribute(\"src\")),n=new URL(t.value),c.test(n.protocol))&&n.host===r.host&&l.activeElement===s&&(d.top.location.href=t.value))}},d.addEventListener(\"message\",d.wp.receiveEmbedMessage,!1),l.addEventListener(\"DOMContentLoaded\",function(){for(var e,t,s=l.querySelectorAll(\"iframe.wp-embedded-content\"),r=0;r<s.length;r++)(t=(e=s[r]).getAttribute(\"data-secret\"))||(t=Math.random().toString(36).substring(2,12),e.src+=\"#?secret=\"+t,e.setAttribute(\"data-secret\",t)),e.contentWindow.postMessage({message:\"ready\",secret:t},\"*\")},!1)))}(window,document);\n\/\/# sourceURL=https:\/\/www.gereso.com\/actualites\/wp-includes\/js\/wp-embed.min.js\n\/* ]]> *\/\n<\/script>\n","thumbnail_url":"https:\/\/www.gereso.com\/actualites\/wp-content\/uploads\/2024\/01\/information-france-travail-refus-cdi.jpg","thumbnail_width":600,"thumbnail_height":400,"description":"Une plateforme pour d\u00e9clarer les refus de CDI En pratique, l\u2019employeur qui proposerait un CDI aux m\u00eames conditions apr\u00e8s un contrat pr\u00e9caire \u00e0 un salari\u00e9 qui refuserait ce dernier, se voit d\u00e9sormais dans l\u2019obligation d\u2019informer France Travail. La m\u00e9thode d\u2019information retenue aurait pu \u00eatre la cr\u00e9ation d\u2019un code DSN du type \u00ab\u00a0fin du CDD ou [&hellip;]"}