{"version":"1.0","provider_name":"Le Blog GERESO","provider_url":"https:\/\/www.gereso.com\/actualites","author_name":"\u00c9quipe GERESO","author_url":"https:\/\/www.gereso.com\/actualites\/author\/gereso\/","title":"Les absences pour convenance personnelle dans les secteurs public et priv\u00e9 - Le Blog GERESO","type":"rich","width":600,"height":338,"html":"<blockquote class=\"wp-embedded-content\" data-secret=\"BrGX0RF8Eu\"><a href=\"https:\/\/www.gereso.com\/actualites\/2024\/02\/22\/absences-convenance-personnelle\/\">Les absences pour convenance personnelle dans les secteurs public et priv\u00e9<\/a><\/blockquote><iframe sandbox=\"allow-scripts\" security=\"restricted\" src=\"https:\/\/www.gereso.com\/actualites\/2024\/02\/22\/absences-convenance-personnelle\/embed\/#?secret=BrGX0RF8Eu\" width=\"600\" height=\"338\" title=\"\u00ab\u00a0Les absences pour convenance personnelle dans les secteurs public et priv\u00e9\u00a0\u00bb &#8212; Le Blog GERESO\" data-secret=\"BrGX0RF8Eu\" frameborder=\"0\" marginwidth=\"0\" marginheight=\"0\" scrolling=\"no\" class=\"wp-embedded-content\"><\/iframe><script type=\"text\/javascript\">\n\/* <![CDATA[ *\/\n\/*! This file is auto-generated *\/\n!function(d,l){\"use strict\";l.querySelector&&d.addEventListener&&\"undefined\"!=typeof URL&&(d.wp=d.wp||{},d.wp.receiveEmbedMessage||(d.wp.receiveEmbedMessage=function(e){var t=e.data;if((t||t.secret||t.message||t.value)&&!\/[^a-zA-Z0-9]\/.test(t.secret)){for(var s,r,n,a=l.querySelectorAll('iframe[data-secret=\"'+t.secret+'\"]'),o=l.querySelectorAll('blockquote[data-secret=\"'+t.secret+'\"]'),c=new RegExp(\"^https?:$\",\"i\"),i=0;i<o.length;i++)o[i].style.display=\"none\";for(i=0;i<a.length;i++)s=a[i],e.source===s.contentWindow&&(s.removeAttribute(\"style\"),\"height\"===t.message?(1e3<(r=parseInt(t.value,10))?r=1e3:~~r<200&&(r=200),s.height=r):\"link\"===t.message&&(r=new URL(s.getAttribute(\"src\")),n=new URL(t.value),c.test(n.protocol))&&n.host===r.host&&l.activeElement===s&&(d.top.location.href=t.value))}},d.addEventListener(\"message\",d.wp.receiveEmbedMessage,!1),l.addEventListener(\"DOMContentLoaded\",function(){for(var e,t,s=l.querySelectorAll(\"iframe.wp-embedded-content\"),r=0;r<s.length;r++)(t=(e=s[r]).getAttribute(\"data-secret\"))||(t=Math.random().toString(36).substring(2,12),e.src+=\"#?secret=\"+t,e.setAttribute(\"data-secret\",t)),e.contentWindow.postMessage({message:\"ready\",secret:t},\"*\")},!1)))}(window,document);\n\/\/# sourceURL=https:\/\/www.gereso.com\/actualites\/wp-includes\/js\/wp-embed.min.js\n\/* ]]> *\/\n<\/script>\n","thumbnail_url":"https:\/\/www.gereso.com\/actualites\/wp-content\/uploads\/2024\/02\/absences-convenance-personnelle.jpg","thumbnail_width":600,"thumbnail_height":400,"description":"Quelles sont les absences pour convenance personnelle pr\u00e9vues par la loi&nbsp;? La loi pr\u00e9voit diff\u00e9rentes absences pour convenance personnelle. Leur motif et leur dur\u00e9e diff\u00e8rent ainsi que leurs conditions. Les absences dans le secteur priv\u00e9 Le cong\u00e9 sabbatique Ce cong\u00e9 permet au salari\u00e9 de s\u2019absenter pour raisons personnelles (r\u00e9aliser un projet, voyager, etc.). La dur\u00e9e [&hellip;]"}